{"id":3,"date":"2022-08-15T18:44:37","date_gmt":"2022-08-15T16:44:37","guid":{"rendered":"https:\/\/collabeez.com\/?page_id=3"},"modified":"2025-11-17T20:21:39","modified_gmt":"2025-11-17T19:21:39","slug":"datenschutzerklaerung","status":"publish","type":"page","link":"https:\/\/collabeez.com\/en\/datenschutzerklaerung\/","title":{"rendered":"Privacy Policy"},"content":{"rendered":"<div data-elementor-type=\"wp-page\" data-elementor-id=\"3\" class=\"elementor elementor-3\" data-elementor-post-type=\"page\">\n\t\t\t\t\t\t<section class=\"elementor-section elementor-top-section elementor-element elementor-element-1c77288d elementor-section-boxed elementor-section-height-default elementor-section-height-default\" data-id=\"1c77288d\" data-element_type=\"section\" data-e-type=\"section\">\n\t\t\t\t\t\t<div class=\"elementor-container elementor-column-gap-default\">\n\t\t\t\t\t<div class=\"elementor-column elementor-col-100 elementor-top-column elementor-element elementor-element-2cb44425\" data-id=\"2cb44425\" data-element_type=\"column\" data-e-type=\"column\">\n\t\t\t<div class=\"elementor-widget-wrap elementor-element-populated\">\n\t\t\t\t<div class=\"elementor-element elementor-element-5370764 e-flex e-con-boxed e-con e-parent\" data-id=\"5370764\" data-element_type=\"container\" data-e-type=\"container\">\n\t\t\t\t\t<div class=\"e-con-inner\">\n\t\t\t\t\t<\/div>\n\t\t\t\t<\/div>\n\t\t\t\t<div class=\"elementor-element elementor-element-29cb7b3b elementor-widget elementor-widget-text-editor\" data-id=\"29cb7b3b\" data-element_type=\"widget\" data-e-type=\"widget\" data-widget_type=\"text-editor.default\">\n\t\t\t\t<div class=\"elementor-widget-container\">\n\t\t\t\t\t\t\t\t\t<h1>Privacy Policy<\/h1>\n<p>\u00a0<\/p>\n<p>Dear visitor,<br \/>Thank you for visiting our website!<\/p>\n<p>The following information provides you with an overview of the processing of your personal data on our website <a href=\"https:\/\/collabeez.com\/en\/\">www.collabeez.com<\/a>. In addition, the data protection declaration also applies to our presence in the social and professional networks, as well as the application process.<\/p>\n<p>The processing of your personal data by us is always carried out in accordance with the Basic Data Protection Regulation (hereinafter<strong>DSGVO<\/strong>\"), the Data Protection and Privacy in Telecommunications and Telemedia Act (hereinafter \"<strong>TTDSG<\/strong>\") and all applicable country-specific data protection regulations.<br \/><br \/><\/p>\n<p>\u00a0<\/p>\n<h3><strong>Table of content<\/strong><\/h3>\n<ol>\n<li>Responsibility<\/li>\n<li>Data Protection Officer<\/li>\n<li>Definition<\/li>\n<li>Origin of personal data<\/li>\n<li>Data processing<\/li>\n<li>Rechte<\/li>\n<li>Up-to-dateness and changes of the privacy policy<\/li>\n<li>Responsibility<br \/><br \/><br \/><\/li>\n<\/ol>\n<ol>\n<li>\n<h3>Responsibility<\/h3>\n<\/li>\n<\/ol>\n<p>Information according to \u00a7 5 TMG<\/p>\n<p>Deborah Liebzeit<br \/>Managing Director<\/p>\n<p>Jarrestr. 43<br \/>22303 Hamburg<\/p>\n<p>Contact<br \/>Phone: +49 162 31 40961<br \/>E-Mail: hello@collabeez.com<\/p>\n<p>Sales tax identification number according to \u00a7 27 a Umsatzsteuergesetz:<br \/>DE294832847<\/p>\n<p>Responsible for website content<br \/>Deborah Liebzeit<br \/><br \/><\/p>\n<p>\u00a0<\/p>\n<ol start=\"2\">\n<li>\n<h3>Datenschutzbeauftragte<\/h3>\n<\/li>\n<\/ol>\n<p>Unsere Datenschutzbeauftragten erreichst du wie folgt:<br \/>secjur GmbH <br \/>Steinh\u00f6ft 9 <br \/>20459 Hamburg<br \/>E-Mail: <a href=\"mailto:internaldataprotection@secjur.com\">internaldataprotection@secjur.com<\/a><\/p>\n<p>Du kannst dich bei allen Fragen und Anregungen zum Datenschutz sowie zur Aus\u00fcbung Ihrer Rechte direkt an unsere Datenschutzbeauftragten wenden.<br \/><br \/><\/p>\n<p>\u00a0<\/p>\n<ol start=\"3\">\n<li>\n<h3>Definition<\/h3>\n<\/li>\n<\/ol>\n<p>Diese Datenschutzerkl\u00e4rung beruht auf den Begrifflichkeiten der DSGVO. Zur Vereinfachung m\u00f6chten wir dir einige in diesem Zusammenhang wichtige Begriffe n\u00e4her erl\u00e4utern:<\/p>\n<ul>\n<li><strong>Personenbezogene Daten<\/strong>: Personenbezogene Daten sind alle Informationen, die sich auf eine identifizierte oder identifizierbare nat\u00fcrliche Person beziehen. Als identifizierbar wird eine nat\u00fcrliche Person angesehen, die direkt oder indirekt, insbesondere mittels Zuordnung zu einer Kennung wie einem Namen, zu einer Kennnummer, zu Standortdaten, zu einer Online-Kennung oder zu einem oder mehreren besonderen Merkmalen, die Ausdruck der physischen, physiologischen, genetischen, psychischen, wirtschaftlichen, kulturellen oder sozialen Identit\u00e4t dieser nat\u00fcrlichen Person sind, identifiziert werden kann.<\/li>\n<li><strong>Betroffene Person<\/strong>: Betroffene Person ist jede identifizierte oder identifizierbare nat\u00fcrliche Person, deren personenbezogene Daten, von dem f\u00fcr die Verarbeitung Verantwortlichen verarbeitet werden.<\/li>\n<li><strong>Verarbeitung<\/strong>: Verarbeitung ist jeder mit oder ohne Hilfe automatisierter Verfahren ausgef\u00fchrte Vorgang oder jede solche Vorgangsreihe im Zusammenhang mit personenbezogenen Daten, wie das Erheben, das Erfassen, die Organisation, das Ordnen, die Speicherung, die Anpassung oder Ver\u00e4nderung, das Auslesen, das Abfragen, die Verwendung, die Offenlegung durch \u00dcbermittlung, Verbreitung oder eine andere Form der Bereitstellung, den Abgleich oder die Verkn\u00fcpfung, die Einschr\u00e4nkung, das L\u00f6schen oder die Vernichtung.<\/li>\n<li><strong>Empf\u00e4nger:in<\/strong>: Die Empf\u00e4nger:in ist eine nat\u00fcrliche oder juristische Person, Beh\u00f6rde, Einrichtung oder andere Stelle, der personenbezogene Daten offengelegt werden, unabh\u00e4ngig davon, ob es sich bei ihr um einen Dritten handelt oder nicht. Beh\u00f6rden, die im Rahmen eines bestimmten Untersuchungsauftrags nach dem Unionsrecht oder dem Recht der Mitgliedstaaten m\u00f6glicherweise personenbezogene Daten erhalten, gelten jedoch nicht als Empf\u00e4nger:in.<\/li>\n<li><strong>Dritter<\/strong>: Dritter ist eine nat\u00fcrliche oder juristische Person, Beh\u00f6rde, Einrichtung oder andere Stelle au\u00dfer der betroffenen Person, dem Verantwortlichen, dem Auftragsverarbeiter und den Personen, die unter der unmittelbaren Verantwortung des Verantwortlichen oder des Auftragsverarbeiters befugt sind, die personenbezogenen Daten zu verarbeiten.<\/li>\n<li><strong>Einwilligung<\/strong>: Einwilligung ist jede von der betroffenen Person freiwillig f\u00fcr den bestimmten Fall in informierter Weise und unmissverst\u00e4ndlich abgegebene Willensbekundung in Form einer Erkl\u00e4rung oder einer sonstigen eindeutigen best\u00e4tigenden Handlung, mit der die betroffene Person zu verstehen gibt, dass Sie mit der Verarbeitung der Sie betreffenden personenbezogenen Daten einverstanden ist.<br \/><br \/><\/li>\n<\/ul>\n<ol start=\"4\">\n<li>\n<h3>Origin of personal data<\/h3>\n<\/li>\n<\/ol>\n<p>Wir k\u00f6nnen personenbezogene Daten auf die folgende Art und Weise erhalten:<\/p>\n<p><strong>4.1 <\/strong>Durch dich angegebene Informationen<\/p>\n<p>Du hast die M\u00f6glichkeit auf unserer Webseite Informationen (z.B. Kontaktdaten) \u00fcber dich anzugeben.<\/p>\n<p><strong>4.2 Automatisch erhobene und generierte Daten<\/strong><\/p>\n<p>Durch die Nutzung unserer Webseite werden automatisch Daten erhoben und generiert.<\/p>\n<p><strong>4.3 Durch Dritte erhobene Daten<\/strong><\/p>\n<p>Soweit wir Pr\u00e4senzen in sozialen und beruflichen Netzwerken unterhalten, k\u00f6nnen wir \u00fcber diese Daten von Ihnen erhalten (z.B., wenn Sie uns \u00fcber ein soziales oder berufliches Netzwerk kontaktieren oder auf einen unserer dort geteilten Inhalte reagieren).\u00a0<br \/><br \/><\/p>\n<p>\u00a0<\/p>\n<ol start=\"5\">\n<li>\n<h3>Datenverarbeitung<\/h3>\n<\/li>\n<\/ol>\n<p><strong>5.1 Allgemeine Informationen<\/strong><\/p>\n<p>Im Folgenden geben wir Ihnen einen \u00dcberblick, welche personenbezogenen Daten wir verarbeiten. Hierf\u00fcr stellen wir dar, in welchem Umfang, zu welchen Zwecken und auf Basis welcher Rechtsgrundlage wir personenbezogene Daten verarbeiten. Zudem geben wir an \u2013 sofern vorhanden \u2013, welche Drittanbieter wir einsetzen, die Ihre Daten empfangen. Zuletzt teilen wir Ihnen mit, ob bei der jeweiligen Verarbeitung durch den Drittanbieter eine Drittland\u00fcbermittlung stattfindet.<\/p>\n<p>Die Angabe deiner Informationen personenbezogen Daten ist stets freiwillig. Es kann jedoch sein, dass die jeweilige Funktionalit\u00e4t nur mit Angabe deiner Informationen funktioniert (z.B. Kontaktformular).<\/p>\n<p>Wir werden deine personenbezogenen Daten nicht ohne deine Zustimmung an Dritte weitergeben, es sei denn, dies ist gesetzlich erlaubt (z.B., weil dies zur Durchf\u00fchrung des Vertrages erforderlich ist).<\/p>\n<p>Auf folgenden Rechtsgrundlagen kann die Verarbeitung deiner personenbezogenen Daten basieren:<\/p>\n<ul>\n<li>Art.6 Abs. 1 lit. a DSGVO dient uns als Rechtsgrundlage f\u00fcr Verarbeitungsvorg\u00e4nge, bei denen wir eine Einwilligung f\u00fcr eine bestimmte Verarbeitung einholen.<\/li>\n<li>Ist die Verarbeitung personenbezogener Daten zur Erf\u00fcllung eines Vertrags, dessen Vertragspartei Sie sind, erforderlich, so beruht die Verarbeitung auf Art. 6Abs.1 lit. b DSGVO. Gleiches gilt f\u00fcr solche Verarbeitungsvorg\u00e4nge, die zur Durchf\u00fchrung vorvertraglicher Ma\u00dfnahmen erforderlich sind.<\/li>\n<li>Unterliegen wir einer rechtlichen Verpflichtung, durch welche eine Verarbeitung von personenbezogenen Daten erforderlich wird, so basiert die Verarbeitung auf Art.6 Abs. 1 lit. c DSGVO in Verbindung mit der jeweiligen Norm, aus der sich die Verpflichtung ergibt.<\/li>\n<li>Verarbeitungsvorg\u00e4nge k\u00f6nnen auch auf Art. 6 Abs.1 lit. f DSGVO beruhen. Auf dieser Rechtsgrundlage basieren Verarbeitungsvorg\u00e4nge, wenn die Verarbeitung zur Wahrung eines berechtigten Interesses von uns erforderlich ist, sofern die Interessen, Grundrechte und Grundfreiheiten des Betroffenen nicht \u00fcberwiegen.<br \/><br \/><\/li>\n<\/ul>\n<p>Soweit wir personenbezogene Daten zur Verarbeitung in ein Drittland \u00fcbermitteln, stellen wir die Einhaltung von Art. 44 ff. DSGVO sicher, d.h. dass wir vor jeder Weitergabe von personenbezogenen Daten an Dritte in einem Land au\u00dferhalb der EU oder des EWR (Norwegen, Island, Liechtenstein) pr\u00fcfen, wie ein angemessenes Schutzniveau gew\u00e4hrleistet werden kann. Ein angemessenes Schutzniveau kann unter anderem dadurch gew\u00e4hrleistet werden, dass ein Angemessenheitsbeschluss der EU-Kommission vorliegt, wir mit dem Empf\u00e4nger:in Standarddatenschutzklauseln abgeschlossen und weitere zus\u00e4tzliche Ma\u00dfnahmen ergriffen haben oder die Drittland\u00fcbermittlung nach anderen, in Art 46 ff. DSGVO geregelten Garantien zul\u00e4ssig ist. Die USA werden als ein Land mit einem nach EU-Standards unzureichendem Datenschutzniveau eingesch\u00e4tzt. Es besteht das Risiko, dass US-Beh\u00f6rden auch ohne Rechtsschutzm\u00f6glichkeiten auf personenbezogene Daten zugreifen k\u00f6nnen. Au\u00dferdem kann die Aus\u00fcbung von Betroffenenrechten wie z.B. dem Auskunfts- oder L\u00f6schrecht, erschwert sein. Soweit die Daten\u00fcbermittlung auf Grundlage von Art. 46, 47 oder 49 Abs. 1 DSGVO erfolgt, k\u00f6nnen Sie bei uns eine Kopie der Garantien f\u00fcr das Bestehen eines angemessenen Datenschutzniveaus in Bezug auf die Daten\u00fcbermittlung oder einen Hinweis auf die Verf\u00fcgbarkeit einer Kopie der Garantien erhalten. Bitte nehmen Sie hierzu zu uns Kontakt auf.<\/p>\n<p><strong>5.2 Verarbeitung auf unserer Webseite<\/strong><\/p>\n<p><strong>5.2.1<\/strong><strong>\u00a0\u00a0\u00a0\u00a0<\/strong><strong>Server-Logfiles <\/strong><\/p>\n<p><strong>5.2.1.1<\/strong><strong>\u00a0\u00a0\u00a0\u00a0\u00a0<\/strong><strong> Umfang der Verarbeitung<\/strong><\/p>\n<p>Bei Besuch unserer Webseite werden automatisch Daten verarbeitet, die dein Browser an unseren Server \u00fcbermittelt. Diese allgemeinen Daten und Informationen werden in den Logfiles des Servers gespeichert (in sog. \u201eServer-Logfiles\u201c). Erfasst werden k\u00f6nnen u.a.:<\/p>\n<ul>\n<li>Browsertyp und Browserversion<\/li>\n<li>Verwendetes Betriebssystem<\/li>\n<li>Referrer URL (zuvor besuchte Webseite)<\/li>\n<li>Hostname des zugreifenden Rechners<\/li>\n<li>Datum und Uhrzeit der Serveranfrage<\/li>\n<li>IP-Adresse<br \/><br \/><\/li>\n<\/ul>\n<p><strong>5.2.1.2<\/strong><strong>\u00a0\u00a0<\/strong><strong>Zweck der Verarbeitung<\/strong><\/p>\n<p>Wir verarbeiten deine personenbezogenen Daten f\u00fcr folgende Zwecke:<\/p>\n<ul>\n<li>Gew\u00e4hrleistung eines reibungslosen Verbindungsaufbaus der Webseite<\/li>\n<li>Problemanalysen im Netzwerk<\/li>\n<li>Auswertung der Systemsicherheit und -stabilit\u00e4t<\/li>\n<\/ul>\n<p><strong>5.2.1.3<\/strong><strong>\u00a0\u00a0\u00a0\u00a0\u00a0<\/strong><strong> Rechtsgrundlage<\/strong><\/p>\n<p>Die Rechtsgrundlage f\u00fcr die Datenverarbeitung ist gem\u00e4\u00df Art. 6 Abs.1 lit. f DSGVO i.V.m. \u00a7 25 Abs.2 TTDSG unser \u00fcberwiegendes berechtigtes Interesse an der technisch einwandfreien Darstellung (schnellere Ladezeit, h\u00f6here Ausfallsicherheit, Schutz vor Brute-Force-Angriffen) unserer Webseite.<\/p>\n<p><strong>5.2.1.4<\/strong><strong>\u00a0\u00a0\u00a0\u00a0\u00a0<\/strong><strong> Speicherdauer<\/strong><\/p>\n<p>Die Logfiles werden aus Sicherheitsgr\u00fcnden (z.B. zur Aufkl\u00e4rung von Missbrauchs- oder Betrugshandlungen) f\u00fcr die Dauer von maximal 7 Tagen gespeichert und danach gel\u00f6scht. Daten, deren weitere Aufbewahrung zu Beweiszwecken erforderlich ist, werden bis zur endg\u00fcltigen Kl\u00e4rung der Angelegenheit aufbewahrt.<\/p>\n<p><strong>5.2.1.5<\/strong><strong>\u00a0\u00a0\u00a0\u00a0\u00a0<\/strong><strong> Empf\u00e4nger:in personenbezogener Daten <\/strong><\/p>\n<p>Diese Webseite wird \u00fcber WordPress.com betrieben. Wenn du unsere Webseite besuchst, erfasst WordPress die oben genannten Daten. \u00a0Weitere Informationen zur Datenverarbeitung durch WordPress findest du hier: <a href=\"https:\/\/automattic.com\/de\/privacy\/\">https:\/\/automattic.com\/de\/privacy\/<\/a><\/p>\n<p><strong>5.2.2<\/strong><strong>\u00a0\u00a0\u00a0\u00a0<\/strong><strong>Einsatz von Cookies<\/strong><\/p>\n<p><strong>5.2.2.1<\/strong><strong>\u00a0\u00a0\u00a0\u00a0\u00a0<\/strong><strong>Allgemeine Informationen<\/strong><\/p>\n<p>Wir setzen auf unserer Webseite Cookies ein. Dabei handelt es sich um Dateien, die dein Browser automatisch erstellt und die auf deinem IT-System gespeichert werden, wenn du unsere Seite besuchst. In dem Cookie werden Informationenabgelegt, die sich jeweils im Zusammenhang mit dem spezifisch eingesetzten Endger\u00e4t ergeben.<\/p>\n<p>Viele Cookies enthalten eine sogenannte Cookie-ID. Eine Cookie-ID ist eine eindeutige Kennung des Cookies. Sie besteht aus einer Zeichenfolge, durch welche Internetseiten und Server dem konkreten Internetbrowser zugeordnet werden k\u00f6nnen, in dem der Cookie gespeichert wurde. Dies erm\u00f6glicht es den besuchten Internetseiten und Servern, den individuellen Browser der betroffenen Person von anderen Internetbrowsern, die andere Cookies enthalten, zu unterscheiden. Ein bestimmter Internetbrowser kann \u00fcber die eindeutige Cookie-ID wiedererkannt und identifiziert werden.<\/p>\n<p>Wenn du unsere Webseite bzw. eine Unterwebseite erstmalig besuchst und diese Cookies enth\u00e4lt, werden deine \u201eDatenschutzeinstellungen\u201c angezeigt. Dort wirst du \u00fcber die einzelnen Cookies, welche wir nutzen, informiert. Du kannst dich zu jedem einzelnen Cookie hinsichtlich des verarbeitenden Unternehmens, des Zwecks der Datenverarbeitung, der erhobenen Daten, der Rechtsgrundlage sowie der Speicherdauer informieren. Zudem kannst du es uns gestatten, nicht essenzielle Cookies einzusetzen und diese Entscheidung dort auf wieder r\u00fcckg\u00e4ngig machen. Wenn du das Cookie-Banner geschlossen hast, kannst du es durch einen Klick auf das Symbol unten links wieder \u00f6ffnen.<\/p>\n<p>In rechtlicher Hinsicht ist zwischen essenziellen und nicht essenziellen Cookies zu unterscheiden.<\/p>\n<p><strong>5.2.2.2<\/strong><strong>\u00a0\u00a0\u00a0\u00a0\u00a0<\/strong><strong> Essenzielle Cookies<\/strong><\/p>\n<p>Wir setzen essenzielle Cookies ein. Dabei handelt es sich um Cookies, die technisch erforderlich sind, um alle Funktionen unserer Webseite zur Verf\u00fcgung zu stellen. Die Rechtsgrundlage f\u00fcr die Datenverarbeitung ist gem\u00e4\u00df Art. 6Abs.1 lit. f DSGVO i.V.m. \u00a7 25 Abs. 2 TTDSG unser \u00fcberwiegendes berechtigtes Interesse an der technisch einwandfreien Darstellung (schnellere Ladezeit, h\u00f6here Ausfallsicherheit, Schutz vor Brute-Force-Angriffen) unserer Webseite.<\/p>\n<p><strong>5.2.2.3<\/strong><strong>\u00a0\u00a0\u00a0\u00a0\u00a0<\/strong><strong> Nichtessenzielle Cookies<\/strong><\/p>\n<p>Wir setzen dar\u00fcber hinaus auch nicht essenzielle Cookies (Funktionelle und Social Media-Cookies) ein. Dabei handelt es sich um Cookies, die technisch nicht erforderlich sind. Wir setzen diese ein, um unsere Angebote zu verbessern. Die Rechtsgrundlage f\u00fcr die Datenverarbeitung ist Ihre Einwilligung gem. Art. 6 Abs. 1 lit. a DSGVO. Die Cookies werden erst gesetzt, nachdem Sie Ihre Einwilligung \u00fcber unseren Cookie-Banner erteilt haben.<\/p>\n<p><strong>5.2.3<\/strong><strong>\u00a0\u00a0\u00a0\u00a0<\/strong><strong>Cookie-Banner<\/strong><\/p>\n<p><strong>5.2.3.1<\/strong><strong>\u00a0\u00a0\u00a0\u00a0\u00a0<\/strong><strong>Umfang der Verarbeitung<\/strong><\/p>\n<p>Um dir die Informationen hinsichtlich der Cookies in Form der \u201eDatenschutzeinstellungen\u201c pr\u00e4sentieren zu k\u00f6nnen, setzen wir auf unserer Webseite das WordPress &#8218;Real Cookie Banner&#8216;\u00a0<span style=\"background-color: var( --e-global-color-452a876 ); color: var( --e-global-color-text ); font-family: var( --e-global-typography-e6eda25-font-family ), sans serif; font-size: var( --e-global-typography-e6eda25-font-size ); font-weight: var( --e-global-typography-e6eda25-font-weight ); letter-spacing: var( --e-global-typography-e6eda25-letter-spacing ); word-spacing: var( --e-global-typography-e6eda25-word-spacing );\">ein. Mit unserem Cookie-Banner informieren wir dich \u00fcber die von uns konkret verwendeten Cookies. Zus\u00e4tzlich geben wir dir die M\u00f6glichkeit zu entscheiden, ob du in das Setzen von nicht essenziellen Cookies einwilligen willst. \u00a0Verarbeitet werden k\u00f6nnen u.a.:<\/span><\/p>\n<ul>\n<li>Zugelassenen Cookies der Nutzer:innen (Cookie-Status), der als Nachweis der Zustimmung dient<\/li>\n<li>Nutzungsdaten (z. B. besuchte Webseiten, Zugriffszeitpunkt)<\/li>\n<li>Meta-und Kommunikationsdaten (z. B. IP-Adresse)<br \/><br \/><\/li>\n<\/ul>\n<p><strong>5.2.3.2<\/strong><strong>\u00a0\u00a0\u00a0\u00a0\u00a0<\/strong><strong>Zweck der Verarbeitung<\/strong><\/p>\n<p>Wir verarbeiten deine personenbezogenen Daten f\u00fcr folgende Zwecke:<\/p>\n<ul>\n<li>Informationen der Nutzer:innen \u00fcber die von uns verwendeten Cookies<\/li>\n<li>Erm\u00f6glichung, in technisch nicht notwendige Cookies einzuwilligen<br \/><br \/><\/li>\n<\/ul>\n<p><strong>5.2.3.3<\/strong><strong>\u00a0\u00a0\u00a0\u00a0\u00a0<\/strong><strong>Rechtsgrundlage der Verarbeitung<\/strong><\/p>\n<p>Rechtsgrundlage f\u00fcr den Einsatz des Cookie-Banner ist Art. 6 Abs. 1 lit.c DSGVO i.V.m. \u00a7 25 Abs. 2 Nr. 2 TTDSG. Der Einsatz des Cookie-Banners erfolgt, um die gesetzlich vorgeschriebenen Einwilligungen f\u00fcr den Einsatz der nicht essenziellen Cookies einzuholen sowie um unserer Informationspflicht hinsichtlich der Cookies nachzukommen.<\/p>\n<p><strong>5.2.3.4<\/strong><strong>\u00a0\u00a0\u00a0\u00a0\u00a0<\/strong><strong>Speicherdauer<\/strong><\/p>\n<p>Der verschl\u00fcsselte Key und der Cookie-Status werden im Falle der Zustimmung anhand eines Cookies auf dem Endger\u00e4t der Nutzer:innen gespeichert, um bei zuk\u00fcnftigen Seitenaufrufen den entsprechenden Cookie-Status herzustellen. Dieser Cookie l\u00f6scht sich automatisch nach 12 Monaten.<\/p>\n<p><strong>5.2.3.5<\/strong><strong>\u00a0\u00a0\u00a0\u00a0\u00a0<\/strong><strong> Empf\u00e4nger:innen personenbezogener Daten <\/strong><\/p>\n<p>Auf unserer Webseite setzen wir das Cookie-Banner des Anbieters Worpress ein.<\/p>\n<p><strong>5.2.4<\/strong><strong>\u00a0\u00a0\u00a0\u00a0<\/strong><strong> Anfrage zur Kontaktaufnahme<\/strong><\/p>\n<p><strong>1.2.4.1<\/strong><strong>\u00a0\u00a0\u00a0\u00a0\u00a0<\/strong><strong> Umfang der Verarbeitung<\/strong><\/p>\n<p>\u00dcber unsere Webseite hast du die M\u00f6glichkeit mit uns in Kontakt zu treten. Nach Eingabe deiner Kontaktdaten werden wir mit dir Kontakt aufnehmen.<\/p>\n<p>Im Rahmen der Kontaktaufnahme und Beantwortung deiner Anfrage verarbeiten wir u.a. folgende personenbezogene Daten:<\/p>\n<ul>\n<li>Name<\/li>\n<li>E-Mail<\/li>\n<li>Datum und Zeit der Anfrage<\/li>\n<li>IP-Adresse<\/li>\n<li>Phone<\/li>\n<li>Weitere personenbezogene Daten, die Sie uns im Rahmen der Kontaktaufnahme mitteilen<br \/><br \/><\/li>\n<\/ul>\n<p><strong>5.2.4.2<\/strong><strong>\u00a0\u00a0\u00a0\u00a0\u00a0<\/strong><strong> Zweck der Verarbeitung<\/strong><\/p>\n<p>Wir verarbeiten deine Daten zur Beantwortung deiner Anfrage sowie weiterer, daraus resultierende Sachverhalte.<\/p>\n<p><strong>5.2.4.3<\/strong><strong>\u00a0\u00a0\u00a0\u00a0\u00a0<\/strong><strong> Rechtsgrundlage<\/strong><\/p>\n<p>Wenn deine Anfrage im Zusammenhang mit vorvertraglichen Ma\u00dfnahmen oder mit einem bestehenden Vertrag mit uns beruht, ist die Rechtsgrundlage die Vertragserf\u00fcllung und Durchf\u00fchrung vorvertraglicher Ma\u00dfnahmen gem. Art. 6 Abs. 1 lit. b DSGVO.<\/p>\n<p>Wenn deine Anfrage unabh\u00e4ngig von vertraglichen oder vorvertraglichen Ma\u00dfnahmen erfolgt, ist die Rechtsgrundlage f\u00fcr die Beantwortung deiner Anfrage gem\u00e4\u00df Art. 6 Abs. 1 lit. f DSGVO unser \u00fcberwiegendes berechtigtes Interesse daran, deine Anfrage zu beantworten und auf die von dir initiierte Kontaktaufnahme zu reagieren.<\/p>\n<p><strong>5.2.4.4<\/strong><strong>\u00a0\u00a0\u00a0\u00a0\u00a0<\/strong><strong> Speicherdauer<\/strong><\/p>\n<p>Wir l\u00f6schen deine personenbezogenen Daten, sobald sie f\u00fcr die Erreichung des Zweckes der Erhebung nicht mehr erforderlich sind und keine gesetzlichen Aufbewahrungspflichten entgegenstehen. Im Rahmen von Kontaktanfragen, die zu keiner Vertragsbeziehung gef\u00fchrt haben, ist dies grunds\u00e4tzlich dann der Fall, wenn sich aus den Umst\u00e4nden ergibt, dass der konkrete Sachverhalt abschlie\u00dfend bearbeitet ist.<\/p>\n<p><strong>5.2.4.5<\/strong><strong>\u00a0\u00a0\u00a0\u00a0\u00a0<\/strong><strong> Empf\u00e4nger:innen personenbezogener Daten <\/strong><\/p>\n<p>Wir setzen WordPress f\u00fcr die Bereitstellung des Kontaktformulars auf unserer Webseite ein. WordPress ist ein Softwareunternehmen aus den USA. Unser Vertragspartner ist die HubSpot Germany GmbH (Adresse: HubSpot Ireland Limited, HubSpot House, One Sir John Rogerson&#8217;s Quay, Dublin 2, Ireland). Im Rahmen der Verarbeitung via WordPress k\u00f6nnen Daten in die USA \u00fcbermittelt werden. Die Sicherheit der \u00dcbermittlung wird \u00fcber Standardvertragsklauseln abgesichert.<\/p>\n<p><strong>5.2.5 Tracking &amp; Analyse\u00a0<\/strong><\/p>\n<p>Use of Analytics and Advertising Tools<\/p>\n<p>On our website, we use the following services to improve our offerings and for targeted advertising:<\/p>\n<p><span style=\"text-decoration: underline;\">Google Analytics<\/span><\/p>\n<ul>\n<li>Purpose: Analysis of website usage, optimization of content and functionality.<\/li>\n<li>Processed data: IP address (anonymized), browser type, device, user behavior on the website, visited pages, time spent.<\/li>\n<li>Legal basis: Art. 6(1)(a) GDPR (consent).<\/li>\n<li>Storage \/ Third country: Data may be transferred to the USA. We use EU standard contractual clauses.<\/li>\n<li>Opt-out: Users can refuse data collection at any time via the cookie banner or via the link to disable Google Analytics.<\/li>\n<\/ul>\n<p>\u00a0<\/p>\n<p><u>Social Media Pixel (Facebook\/Meta, Instagram, LinkedIn o.\u00e4.)<\/u><\/p>\n<ul>\n<li>Purpose: Optimization of advertising campaigns, retargeting, analysis of user interactions on the website.<\/li>\n<li>Processed data: IP address, browser information, interactions on the website (e.g., button clicks), possibly linked social media profiles.<\/li>\n<li>Legal basis: Art. 6(1)(a) GDPR (consent).<\/li>\n<li>Third country: USA, standard contractual clauses to ensure data protection.<\/li>\n<li>Withdrawal: Users can refuse processing at any time via the cookie banner.<\/li>\n<\/ul>\n<p>\u00a0<\/p>\n<p>General information: Data is only collected with explicit consent. Cookies or pixels loaded without consent are disabled. The data is used exclusively for analytics and advertising purposes and is not sold without consent.<\/p>\n<p><strong>5.3<\/strong><strong>\u00a0\u00a0\u00a0\u00a0\u00a0<\/strong><strong> Kontaktm\u00f6glichkeiten<\/strong><\/p>\n<p><strong>5.3.1<\/strong><strong>\u00a0\u00a0\u00a0\u00a0<\/strong><strong>Allgemeine Informationen<\/strong><\/p>\n<p>Du hast die M\u00f6glichkeit per E-Mail, Telefon oder sonstigen Kommunikationswegen zu uns Kontakt aufzunehmen.<\/p>\n<p>Im Rahmen der Kontaktaufnahme und Beantwortung deiner Anfrage verarbeiten wir u.a. folgende personenbezogene Daten:<\/p>\n<ul>\n<li>Name<\/li>\n<li>E-Mail<\/li>\n<li>Datum und Zeit der Anfrage<\/li>\n<li>IP-Adresse<\/li>\n<li>Weitere personenbezogene Daten, die Sie uns im Rahmen der Kontaktaufnahme mitteilen<br \/><br \/><\/li>\n<\/ul>\n<p><strong>5.3.2<\/strong><strong>\u00a0\u00a0\u00a0\u00a0<\/strong><strong>Zweck der Verarbeitung<\/strong><\/p>\n<p>Wir verarbeiten deine Daten zur Beantwortung deiner Anfrage sowie anderer daraus resultierende Sachverhalte.<\/p>\n<p><strong>5.3.3<\/strong><strong>\u00a0\u00a0\u00a0\u00a0<\/strong><strong>Rechtsgrundlage<\/strong><\/p>\n<p>Wenn deine Anfrage im Zusammenhang mit vorvertraglichen Ma\u00dfnahmen oder mit einem bestehenden Vertrag mit uns beruht, ist die Rechtsgrundlage die Vertragserf\u00fcllung und Durchf\u00fchrung vorvertraglicher Ma\u00dfnahmen gem. Art. 6 Abs.1 lit. b DSGVO.<\/p>\n<p>Wenn deine Anfrage unabh\u00e4ngig von vertraglichen oder vorvertraglichen Ma\u00dfnahmen erfolgt, ist die Rechtsgrundlage f\u00fcr die Beantwortung deiner Anfrage gem\u00e4\u00df Art. 6 Abs. 1 lit.f DSGVO unser \u00fcberwiegendes berechtigtes Interesse daran, deine Anfrage zu beantworten und auf die von dir initiierte Kontaktaufnahme zu reagieren.<\/p>\n<p><strong>5.3.4<\/strong><strong>\u00a0\u00a0\u00a0\u00a0<\/strong><strong>Speicherdauer<\/strong><\/p>\n<p>Wir l\u00f6schen deine personenbezogenen Daten, sobald sie f\u00fcr die Erreichung des Zweckes der Erhebung nicht mehr erforderlich sind und keine gesetzlichen Aufbewahrungspflichten entgegenstehen. Im Rahmen von Kontaktanfragen, die zu keiner Vertragsbeziehung gef\u00fchrt haben, ist dies grunds\u00e4tzlich dann der Fall, wenn sich aus den Umst\u00e4nden ergibt, dass der konkrete Sachverhalt abschlie\u00dfend bearbeitet ist.<\/p>\n<p><strong>5.3.5<\/strong><strong>\u00a0\u00a0\u00a0\u00a0<\/strong><strong>Empf\u00e4nger:innen personenbezogener Daten<\/strong><\/p>\n<p>Wir legen die oben genannten Daten f\u00fcr die hier dargestellte Verarbeitung keinen dritten Empf\u00e4nger:innen offen.<\/p>\n<p><strong>5.4<\/strong><strong>\u00a0\u00a0\u00a0\u00a0\u00a0<\/strong><strong> Social Media\u00a0 &amp; berufliche Netzwerke<\/strong><\/p>\n<p><strong>5.4.1<\/strong><strong>\u00a0\u00a0\u00a0\u00a0<\/strong><strong> Allgemeine Informationen<\/strong><\/p>\n<p>Wir unterhalten Pr\u00e4senzen in sozialen und beruflichen Netzwerken, um mit dir zu kommunizieren, \u00fcber unsere Leistungen zu informieren und um neue Expert:innen zu finden.<\/p>\n<p>Wenn du eine unserer dort unterhaltenen Seiten besuchen, sind wir hinsichtlich der dadurch ausgel\u00f6sten Verarbeitungsvorg\u00e4nge, welche personenbezogene Daten betreffen, mit dem Anbieter der jeweiligen Plattform m\u00f6glicherweise verantwortlich im Sinne des Art. 26 DS-GVO.<\/p>\n<p>Im Rahmen der Verarbeitungsvorg\u00e4nge werden nach unserem Kenntnisstand u.a. folgende Daten verarbeitet:<\/p>\n<ul>\n<li>Bestandsdaten (z. B. Vor- und Nachname, Adresse, Alter, Geschlecht)<\/li>\n<li>Inhaltsdaten (z. B. Texte, Lichtbilder, Videos)<\/li>\n<li>Nutzungsdaten (z B. Besuch von Webseiten, Interessen)<\/li>\n<li>Metadaten (z. B. Ger\u00e4teinformationen, IP-Adresse).<\/li>\n<\/ul>\n<p>Diese Nutzungsdaten werden in sozialen und beruflichen Netzwerken h\u00e4ufig zu Werbezwecken oder zur Analyse des Nutzer:innenverhaltens durch die Anbieter verarbeitet, ohne dass wir dies beeinflussen k\u00f6nnen. Zudem legen die Anbieter h\u00e4ufig Nutzungsprofile an, auf deren Basis anschlie\u00dfend innerhalb und au\u00dferhalb des Netzwerks nutzerbasierte Werbung geschaltet werden kann. Hierf\u00fcr werden h\u00e4ufig Cookies eingesetzt oder das Nutzungsverhalten direkt Ihrem eigenen Mitgliedprofil des Netzwerkszugeordnet (sofern Sie hier eingeloggt sind).\u202fDaneben verwenden wir die Nutzerdaten, um mit Ihnen \u00fcber das jeweilige Netzwerk zu kommunizieren und, um Ihnen Informationen bereit zu stellen. Wenn Sie mit unserem Unternehmensprofil in dem jeweiligen Netzwerk interagieren (also z.B. unser Unternehmensprofilbesuchen, etwas kommentieren oder \u201eliken\u201c) besteht die M\u00f6glichkeit, dass dadurch Ihr Nutzer:innenprofil samt den personenbezogenen Daten \u00f6ffentlich gemacht wird.<\/p>\n<p>Informationen zur Verarbeitung Ihrer Daten in sozialen und beruflichen Netzwerken und die M\u00f6glichkeit von Ihrem Widerspruchs- bzw. Widerrufsrecht (Opt-Out) Gebrauch zu machen, haben wir nachfolgend aufgef\u00fchrt.\u202f<\/p>\n<p><strong>5.4.2<\/strong><strong>\u00a0\u00a0\u00a0\u00a0<\/strong><strong> Zweck der Verarbeitung<\/strong><\/p>\n<p>Wir verarbeiten deine personenbezogenen Daten f\u00fcr folgende Zwecke:<\/p>\n<ul>\n<li>\u00d6ffentlichkeitsarbeit und Marketingzwecke, d.h. wir informieren u.a. \u00fcber unsere Dienstleistungen und Angebote und kommunizieren mit Ihnen<\/li>\n<li>(Nur in beruflichen Netzwerken:) Personalgewinnung, d.h. wir betreiben \u201eActive Sourcing\u201c<\/li>\n<\/ul>\n<p><strong>5.4.3<\/strong><strong>\u00a0\u00a0\u00a0\u00a0<\/strong><strong> Rechtsgrundlage<\/strong><\/p>\n<ul>\n<li>Die Rechtsgrundlage f\u00fcr unsere \u00d6ffentlichkeitsarbeit und die damit verfolgen Marketingzwecke ist deine Einwilligung gem\u00e4\u00df Art. 6 Abs. 1 lit. a DSGVO.<\/li>\n<li>Die Rechtsgrundlage f\u00fcr die Personalgewinnung ist gem\u00e4\u00df Art. 6 Abs. 1 lit. f DSGVO unser \u00fcberwiegendes berechtigtes Interesse, neue Expert:innen zu finden.<\/li>\n<\/ul>\n<p><strong>5.4.4<\/strong><strong>\u00a0\u00a0\u00a0\u00a0<\/strong><strong> Speicherdauer<\/strong><\/p>\n<p>Grunds\u00e4tzlich werden deine Daten von dem jeweiligen Anbieter des Netzwerks und nicht direkt durch uns gespeichert. Wir speichern deine \u00fcber unsere Pr\u00e4senz ver\u00f6ffentlichten Aktivit\u00e4ten und personenbezogenen Daten bis der Zweck der Verarbeitung entfallen ist bzw. deine Einwilligung widerrufen wurde, soweit keine Aufbewahrungspflichtenentgegenstehen.<\/p>\n<p><strong>5.4.5<\/strong><strong>\u00a0\u00a0\u00a0\u00a0<\/strong><strong>Empf\u00e4nger:innen personenbezogener Daten<\/strong><\/p>\n<p>Wir unterhalten Pr\u00e4senzen in folgenden sozialen und beruflichen Netzwerken.<\/p>\n<table>\n<thead>\n<tr>\n<td>\n<p><strong><br \/>Netzwerk <\/strong><\/p>\n<\/td>\n<td>\n<p><strong>\u00a0\u00a0\u00a0<\/strong><strong><br \/>Anbieter<\/strong><strong>\u00a0\u00a0\u00a0<\/strong><\/p>\n<\/td>\n<td>\n<p><strong>\u00a0\u00a0\u00a0<\/strong><strong><br \/>Drittland<\/strong><strong>\u00a0\u00a0\u00a0<\/strong><\/p>\n<\/td>\n<td>\n<p><strong>\u00a0\u00a0\u00a0<\/strong><strong><br \/>Garantien<\/strong><strong>\u00a0\u00a0\u00a0<\/strong><\/p>\n<\/td>\n<td>\n<p><strong><br \/>Weitere Informationen <\/strong><\/p>\n<\/td>\n<\/tr>\n<\/thead>\n<tbody>\n<tr>\n<td>\n<p>LinkedIn\u00a0\u00a0\u00a0<\/p>\n<\/td>\n<td>\n<p>LinkedIn\u00a0\u00a0\u00a0Ireland Unlimited Company Wilton Place, Dublin 2, Irland\u00a0\u00a0\u00a0<\/p>\n<\/td>\n<td>\n<p>USA\u00a0\u00a0\u00a0<\/p>\n<\/td>\n<td>\n<p>Standard-datenschutz-klauseln\u00a0\u00a0\u00a0\u00a0\u00a0\u00a0<\/p>\n<\/td>\n<td>\n<p><a href=\"https:\/\/de.linkedin.com\/legal\/privacy-policy?\">Datenschutzhinweise<\/a><\/p>\n<p><a href=\"https:\/\/www.linkedin.com\/psettings\/guest-controls\/retargeting-opt-out\">Opt-out und Werbeeinstellungen<\/a><\/p>\n<p><a href=\"https:\/\/legal.linkedin.com\/pages-joint-controller-addendum\">Vertrag zur gemeinsamen\u00a0\u00a0\u00a0Verantwortlichkeit<\/a>\u00a0\u00a0\u00a0<\/p>\n<\/td>\n<\/tr>\n<tr>\n<td>\n<p>Xing\u00a0\u00a0\u00a0<\/p>\n<\/td>\n<td>\n<p>Am\u00a0\u00a0\u00a0Strandkai 1<br \/>20457\u00a0\u00a0\u00a0Hamburg\u00a0\u00a0<br \/>Deutschland\u00a0\u00a0\u00a0<\/p>\n<\/td>\n<td>\n<p>USA\u00a0\u00a0\u00a0<\/p>\n<\/td>\n<td>\n<p>Standard-datenschutz-klauseln\u00a0\u00a0\u00a0\u00a0\u00a0\u00a0<\/p>\n<\/td>\n<td>\n<p><a href=\"https:\/\/privacy.xing.com\/de\/datenschutzerklaerung\/druckversion\">Datenschutzhinweise<\/a><\/p>\n<\/td>\n<\/tr>\n<tr>\n<td>\n<p>YouTube\u00a0\u00a0\u00a0<\/p>\n<\/td>\n<td>\n<p>Google Ireland Limited, Gordon\u00a0\u00a0\u00a0House, Barrow Street, Dublin 4, Irland\u00a0\u00a0\u00a0<\/p>\n<\/td>\n<td>\n<p>USA\u00a0\u00a0\u00a0<\/p>\n<\/td>\n<td>\n<p><a href=\"https:\/\/business.safety.google\/adsprocessorterms\/sccs\/\">Standard-datenschutz-klauseln<\/a>\u00a0\u00a0\u00a0<\/p>\n<\/td>\n<td>\n<p><a href=\"https:\/\/policies.google.com\/privacy\">Datenschutzhinweise<\/a><\/p>\n<p><a href=\"https:\/\/www.youtube.com\/intl\/ALL_de\/howyoutubeworks\/user-settings\/ad-settings\/\">Einstellungen\u00a0\u00a0\u00a0f\u00fcr Werbung<\/a>\u00a0\u00a0\u00a0<\/p>\n<\/td>\n<\/tr>\n<\/tbody>\n<\/table>\n<p><strong>5.6<\/strong><strong>\u00a0\u00a0\u00a0\u00a0\u00a0<\/strong><strong>Bewerbung<\/strong><\/p>\n<p><strong>5.6.1<\/strong><strong>\u00a0\u00a0\u00a0\u00a0<\/strong><strong>Allgemeine Informationen<\/strong><\/p>\n<p>Wir bieten dir auch die M\u00f6glichkeit, sich auf Stellenangebote zu bewerben und uns online oder postalisch deine Bewerbung zukommen zu lassen.<\/p>\n<p>Im Rahmen des Bewerbungsprozesses verarbeiten wir folgende personenbezogene Daten:<\/p>\n<ul>\n<li>Stammdaten (z. B. Vor- und Nachname, Adresse)\u00a0<\/li>\n<li>Kontaktdaten (z. B. E-Mail-Adresse, Telefonnummer)\u00a0<\/li>\n<li>Bewerbungsdaten (z. B. Anschreiben, Lebenslauf, Zeugnisse und sonstige Nachweise)<\/li>\n<\/ul>\n<p><strong>5.6.2<\/strong><strong>\u00a0\u00a0\u00a0\u00a0<\/strong><strong>Zweck der Verarbeitung<\/strong><\/p>\n<p>Der Zweck der Verarbeitung ist die Durchf\u00fchrung des Bewerbungsverfahrens.<\/p>\n<p><strong>5.6.3<\/strong><strong>\u00a0\u00a0\u00a0\u00a0<\/strong><strong>Rechtsgrundlage<\/strong><\/p>\n<p>Die Rechtsgrundlage f\u00fcr die Verarbeitung personenbezogener Daten ist die Vertragserf\u00fcllung und Durchf\u00fchrung vor vertraglichen Ma\u00dfnahmen gem. Art. 6 Abs.1 lit. b, Art. 88 Abs. 1 DSGVO i. V. m. \u00a7 26 Abs. 1 Bundesdatenschutzgesetz (BDSG).<\/p>\n<p>Sofern wir deine Einwilligung einholen (z. B. f\u00fcr die Aufnahme in unseren Bewerberpool) stellt diese nach Art. 6 Abs. 1 lit. a DSGVO die Rechtsgrundlage f\u00fcr die Datenverarbeitung dar.<\/p>\n<p><strong>5.6.4<\/strong><strong>\u00a0\u00a0\u00a0\u00a0<\/strong><strong>Speicherdauer<\/strong><\/p>\n<p>Sofern es nach Abschluss des Bewerbungsverfahren zur Begr\u00fcndung eines Besch\u00e4ftigungsverh\u00e4ltnisses kommt, erfolgt gegebenenfalls eine Weiterverarbeitung der zur Verf\u00fcgung gestellten personenbezogenen Daten. Andernfalls bewahren wir die Daten grunds\u00e4tzlich sechs Monate nach Ablauf des Bewerbungsverfahrens auf. Anschlie\u00dfend l\u00f6schen wir alle personenbezogenen Daten. Eine l\u00e4ngere Speicherung ist dann m\u00f6glich, wenn wir die personenbezogenen Daten nach Einholung Ihrer Einwilligung in unseren Bewerberpool aufnehmen.<br \/><br \/><\/p>\n<p>\u00a0<\/p>\n<ol start=\"6\">\n<li>\n<h3>Rechte<\/h3>\n<\/li>\n<\/ol>\n<p><strong>6.1<\/strong><strong>\u00a0\u00a0\u00a0\u00a0\u00a0<\/strong><strong>Recht auf Best\u00e4tigung (Art. 15 DSGVO)<\/strong><\/p>\n<p>Du hast das Recht, von uns eine Best\u00e4tigung dar\u00fcber zu verlangen, ob dich betreffende personenbezogene Daten verarbeitet werden.<\/p>\n<p><strong>6.2<\/strong><strong>\u00a0\u00a0\u00a0\u00a0\u00a0<\/strong><strong>Auskunft (Art. 15 DSGVO)<\/strong><\/p>\n<p>Du hast das Recht, jederzeit von uns unentgeltliche Auskunft \u00fcber die zu deiner Person gespeicherten personenbezogenen Daten sowie eine Kopie dieser Daten nach Ma\u00dfgabe der gesetzlichen Bestimmungen zu erhalten.<\/p>\n<p><strong>6.3<\/strong><strong>\u00a0\u00a0\u00a0\u00a0\u00a0<\/strong><strong>Berichtigung (Art. 16 DSGVO)<\/strong><strong>\u00a0<\/strong><\/p>\n<p>Du hast das Recht, die Berichtigung dich betreffender unrichtiger personenbezogener Daten zu verlangen. Ferner steht dir das Recht zu, unter Ber\u00fccksichtigung der Zwecke der Verarbeitung, die Vervollst\u00e4ndigung unvollst\u00e4ndiger personenbezogener Daten zu verlangen.<\/p>\n<p><strong>6.4<\/strong><strong>\u00a0\u00a0\u00a0\u00a0\u00a0<\/strong><strong> L\u00f6schung (Art. 17 DSGVO)<\/strong><\/p>\n<p>Du hast das Recht, von uns zu verlangen, dass personenbezogene Daten, die dich betreffen, unverz\u00fcglich gel\u00f6scht werden, wenn einer der gesetzlich vorgesehenen Gr\u00fcnde zutrifft und soweit die Verarbeitung bzw. Speicherung nicht erforderlich ist.<\/p>\n<p><strong>6.5<\/strong><strong>\u00a0\u00a0\u00a0\u00a0\u00a0<\/strong><strong> Einschr\u00e4nkung der Verarbeitung (Art. 18 DSGVO)<\/strong><strong>\u00a0<\/strong><\/p>\n<p>Du hast das Recht, von uns die Einschr\u00e4nkung der Verarbeitung zu verlangen, wenn eine der gesetzlichen Voraussetzungen gegeben ist.<\/p>\n<p><strong>6.6<\/strong><strong>\u00a0\u00a0\u00a0\u00a0\u00a0<\/strong><strong> Daten\u00fcbertragbarkeit (Art. 20 DSGVO)<\/strong><\/p>\n<p>Du hast das Recht, die dich betreffenden personenbezogenen Daten, die du uns bereitgestellt haben, in einem strukturierten, g\u00e4ngigen und maschinenlesbaren Format zu erhalten. Weiterhin hast du das Recht, diese Daten einem anderen Verantwortlichen ohne Behinderung durch uns, dem die personenbezogenen Datenbereitgestellt wurden, zu \u00fcbermitteln, sofern die Verarbeitung auf der Einwilligung gem. Art. 6 Abs. 1 lit. a DSGVO oder Art. 9 Abs. 2 lit. a DSGVO oder auf einem Vertrag gem. Art. 6 Abs. 1 lit. b DSGVO beruht und die Verarbeitung mithilfe automatisierter Verfahren erfolgt, sofern die Verarbeitung nicht f\u00fcr die Wahrnehmung einer Aufgabe erforderlich ist, die im \u00f6ffentlichen Interesse liegt oder in Aus\u00fcbung \u00f6ffentlicher Gewalt erfolgt, welche uns \u00fcbertragen wurde.<\/p>\n<p>Zudem hast du bei der Aus\u00fcbung deines Rechts auf Daten\u00fcbertragbarkeit gem. Art. 20 Abs. 1 DSGVO das Recht, zu erwirken, dass die personenbezogenen Daten direkt von einem Verantwortlichen an einen anderen Verantwortlichen \u00fcbermittelt werden, soweit dies technisch machbar ist und sofern hiervon nicht die Rechte und Freiheiten anderer Personen beeintr\u00e4chtigt werden.<\/p>\n<p><strong>6.7<\/strong><strong>\u00a0\u00a0\u00a0\u00a0\u00a0<\/strong><strong> Widerspruch (Art. 21 DSGVO)<\/strong><\/p>\n<p><strong>Du hast das Recht, aus Gr\u00fcnden, die sich aus deiner besonderen Situation ergeben, jederzeit gegen die Verarbeitung deiner betreffender personenbezogener Daten, die aufgrund einer Datenverarbeitung im \u00f6ffentlichen Interesse gem. Art. 6 Abs. 1 lit. e DSGVO oder auf Grundlage unseres berechtigten Interesses gem. <\/strong><strong>\u00a0<\/strong><strong>Art. 6 Abs. 1 lit. f DSGVO erfolgt, Widerspruch einzulegen.<\/strong><\/p>\n<p>Legst du Widerspruch ein, werden wir deine personenbezogenen Daten nicht mehr verarbeiten, es sei denn, wir k\u00f6nnen zwingende berechtigte Gr\u00fcnde f\u00fcr die Verarbeitung nachweisen, die deinigen Interessen, Rechte und Freiheiten \u00fcberwiegen, oder die Verarbeitung dient der Geltendmachung, Aus\u00fcbung oder Verteidigung von Rechtsanspr\u00fcchen.<\/p>\n<p>In Einzelf\u00e4llen verarbeiten wir personenbezogene Daten, um Direktwerbung zu betreiben. Du kannst jederzeit Widerspruch gegen die Verarbeitung der personenbezogenen Daten zum Zwecke derartiger Werbung einlegen. Widersprechen Sie gegen\u00fcber uns der Verarbeitung f\u00fcr Zwecke der Direktwerbung, so werden wir die personenbezogenen Daten nicht mehr f\u00fcr diese Zwecke verarbeiten.\u00a0<\/p>\n<p>Zudem hast du das Recht, aus Gr\u00fcnden, die sich aus deiner besonderen Situation ergeben, gegen die dich betreffende Verarbeitung personenbezogener Daten, die bei uns zu wissenschaftlichen oder historischen Forschungszwecken oder zu statistischen Zwecken gem. Art. 89 Abs. 1 DSGVO erfolgen, Widerspruch einzulegen, es sei denn, eine solche Verarbeitung ist zur Erf\u00fcllung einer im \u00f6ffentlichen Interesse liegenden Aufgabe erforderlich.<\/p>\n<p><strong>6.8<\/strong><strong>\u00a0\u00a0\u00a0\u00a0\u00a0<\/strong><strong> Widerruf einer datenschutzrechtlichen Einwilligung (Art. 7 Abs. 3 DSGVO) <\/strong><\/p>\n<p>Du hast das Recht, deine Einwilligung zur Verarbeitung personenbezogener Daten jederzeit mit Wirkung f\u00fcr die Zukunft zu widerrufen.<\/p>\n<p><strong>6.9<\/strong><strong>\u00a0\u00a0\u00a0\u00a0\u00a0<\/strong><strong> Beschwerde bei einer Aufsichtsbeh\u00f6rde (Art. 77 DSGVO) <\/strong><\/p>\n<p>Du hast das Recht, dich bei einer f\u00fcr Datenschutz zust\u00e4ndigen Aufsichtsbeh\u00f6rde \u00fcber unsere Verarbeitung personenbezogener Daten zu beschweren.<br \/><br \/><\/p>\n<p>\u00a0<\/p>\n<ol start=\"7\">\n<li>\n<h3>Up-to-dateness and changes of the privacy policy<\/h3>\n<\/li>\n<\/ol>\n<p>Diese Datenschutzerkl\u00e4rung ist aktuell g\u00fcltig und hat den folgenden Stand: Juli 2023. Wenn wir unsere Webseite und unsere Angebote weiterentwickeln oder sich gesetzliche oderbeh\u00f6rdliche Vorgaben \u00e4ndern, kann es notwendig sein, diese Datenschutzerkl\u00e4rung zu \u00e4ndern. Die jeweils aktuelle Datenschutzerkl\u00e4rung kannst du jederzeit <a href=\"https:\/\/collabeez.com\/en\/datenschutzerkl\u00e4rung\/\">hier<\/a> abrufen.<\/p>\n<p><!-- \/wp:paragraph --><\/p>\t\t\t\t\t\t\t\t<\/div>\n\t\t\t\t<\/div>\n\t\t\t\t<div class=\"elementor-element elementor-element-53d2c62 elementor-widget elementor-widget-spacer\" data-id=\"53d2c62\" data-element_type=\"widget\" data-e-type=\"widget\" data-widget_type=\"spacer.default\">\n\t\t\t\t<div class=\"elementor-widget-container\">\n\t\t\t\t\t\t\t<div class=\"elementor-spacer\">\n\t\t\t<div class=\"elementor-spacer-inner\"><\/div>\n\t\t<\/div>\n\t\t\t\t\t\t<\/div>\n\t\t\t\t<\/div>\n\t\t\t\t\t<\/div>\n\t\t<\/div>\n\t\t\t\t\t<\/div>\n\t\t<\/section>\n\t\t\t\t<\/div>","protected":false},"excerpt":{"rendered":"<p>Datenschutzerkl\u00e4rung \u00a0 Liebe Besucher:in,wir freuen uns \u00fcber deinen Besuch auf unserer Webseite! Mit den nachfolgend dargestellten Informationen geben wir dir einen \u00dcberblick \u00fcber die Verarbeitung deiner personenbezogenen Daten auf unserer [&hellip;]<\/p>\n","protected":false},"author":1,"featured_media":0,"parent":0,"menu_order":0,"comment_status":"closed","ping_status":"closed","template":"","meta":{"_acf_changed":false,"footnotes":""},"class_list":["post-3","page","type-page","status-publish","hentry"],"acf":[],"yoast_head":"<!-- This site is optimized with the Yoast SEO plugin v27.3 - https:\/\/yoast.com\/product\/yoast-seo-wordpress\/ -->\n<title>Datenschutzerkl\u00e4rung - Collabeez<\/title>\n<meta name=\"description\" content=\"In unserer Datenschutzerkl\u00e4rung finden Sie alle wichtigen Informationen zum Schutz Ihrer pers\u00f6nlichen Rechte auf der Collabeez.com Webseite.\" \/>\n<meta name=\"robots\" content=\"index, follow, max-snippet:-1, max-image-preview:large, max-video-preview:-1\" \/>\n<link rel=\"canonical\" href=\"https:\/\/collabeez.com\/en\/datenschutzerklaerung\/\" \/>\n<meta property=\"og:locale\" content=\"en_US\" \/>\n<meta property=\"og:type\" content=\"article\" \/>\n<meta property=\"og:title\" content=\"Datenschutzerkl\u00e4rung - Collabeez\" \/>\n<meta property=\"og:description\" content=\"In unserer Datenschutzerkl\u00e4rung finden Sie alle wichtigen Informationen zum Schutz Ihrer pers\u00f6nlichen Rechte auf der Collabeez.com Webseite.\" \/>\n<meta property=\"og:url\" content=\"https:\/\/collabeez.com\/en\/datenschutzerklaerung\/\" \/>\n<meta property=\"og:site_name\" content=\"Collabeez\" \/>\n<meta property=\"article:modified_time\" content=\"2025-11-17T19:21:39+00:00\" \/>\n<meta name=\"twitter:card\" content=\"summary_large_image\" \/>\n<meta name=\"twitter:label1\" content=\"Est. reading time\" \/>\n\t<meta name=\"twitter:data1\" content=\"22 minutes\" \/>\n<script type=\"application\/ld+json\" class=\"yoast-schema-graph\">{\"@context\":\"https:\\\/\\\/schema.org\",\"@graph\":[{\"@type\":\"TechArticle\",\"@id\":\"https:\\\/\\\/collabeez.com\\\/datenschutzerklaerung\\\/#article\",\"isPartOf\":{\"@id\":\"https:\\\/\\\/collabeez.com\\\/datenschutzerklaerung\\\/\"},\"author\":{\"name\":\"Collabeeadmin\",\"@id\":\"https:\\\/\\\/collabeez.com\\\/#\\\/schema\\\/person\\\/6d11460b0c047b789319c3c157421443\"},\"headline\":\"Datenschutzerkl\u00e4rung\",\"datePublished\":\"2022-08-15T16:44:37+00:00\",\"dateModified\":\"2025-11-17T19:21:39+00:00\",\"mainEntityOfPage\":{\"@id\":\"https:\\\/\\\/collabeez.com\\\/datenschutzerklaerung\\\/\"},\"wordCount\":3925,\"publisher\":{\"@id\":\"https:\\\/\\\/collabeez.com\\\/#organization\"},\"inLanguage\":\"en-US\"},{\"@type\":\"WebPage\",\"@id\":\"https:\\\/\\\/collabeez.com\\\/datenschutzerklaerung\\\/\",\"url\":\"https:\\\/\\\/collabeez.com\\\/datenschutzerklaerung\\\/\",\"name\":\"Datenschutzerkl\u00e4rung - Collabeez\",\"isPartOf\":{\"@id\":\"https:\\\/\\\/collabeez.com\\\/#website\"},\"datePublished\":\"2022-08-15T16:44:37+00:00\",\"dateModified\":\"2025-11-17T19:21:39+00:00\",\"description\":\"In unserer Datenschutzerkl\u00e4rung finden Sie alle wichtigen Informationen zum Schutz Ihrer pers\u00f6nlichen Rechte auf der Collabeez.com Webseite.\",\"breadcrumb\":{\"@id\":\"https:\\\/\\\/collabeez.com\\\/datenschutzerklaerung\\\/#breadcrumb\"},\"inLanguage\":\"en-US\",\"potentialAction\":[{\"@type\":\"ReadAction\",\"target\":[\"https:\\\/\\\/collabeez.com\\\/datenschutzerklaerung\\\/\"]}]},{\"@type\":\"BreadcrumbList\",\"@id\":\"https:\\\/\\\/collabeez.com\\\/datenschutzerklaerung\\\/#breadcrumb\",\"itemListElement\":[{\"@type\":\"ListItem\",\"position\":1,\"name\":\"Startseite\",\"item\":\"https:\\\/\\\/collabeez.com\\\/\"},{\"@type\":\"ListItem\",\"position\":2,\"name\":\"Datenschutzerkl\u00e4rung\"}]},{\"@type\":\"WebSite\",\"@id\":\"https:\\\/\\\/collabeez.com\\\/#website\",\"url\":\"https:\\\/\\\/collabeez.com\\\/\",\"name\":\"Collabeez.com\",\"description\":\"changing tomorrow today\",\"publisher\":{\"@id\":\"https:\\\/\\\/collabeez.com\\\/#organization\"},\"potentialAction\":[{\"@type\":\"SearchAction\",\"target\":{\"@type\":\"EntryPoint\",\"urlTemplate\":\"https:\\\/\\\/collabeez.com\\\/?s={search_term_string}\"},\"query-input\":{\"@type\":\"PropertyValueSpecification\",\"valueRequired\":true,\"valueName\":\"search_term_string\"}}],\"inLanguage\":\"en-US\"},{\"@type\":\"Organization\",\"@id\":\"https:\\\/\\\/collabeez.com\\\/#organization\",\"name\":\"Collabeez.com\",\"url\":\"https:\\\/\\\/collabeez.com\\\/\",\"logo\":{\"@type\":\"ImageObject\",\"inLanguage\":\"en-US\",\"@id\":\"https:\\\/\\\/collabeez.com\\\/#\\\/schema\\\/logo\\\/image\\\/\",\"url\":\"https:\\\/\\\/collabeez.com\\\/wp-content\\\/uploads\\\/2023\\\/06\\\/Collabeez_Logo_Claim_schwarz.png\",\"contentUrl\":\"https:\\\/\\\/collabeez.com\\\/wp-content\\\/uploads\\\/2023\\\/06\\\/Collabeez_Logo_Claim_schwarz.png\",\"width\":2615,\"height\":711,\"caption\":\"Collabeez.com\"},\"image\":{\"@id\":\"https:\\\/\\\/collabeez.com\\\/#\\\/schema\\\/logo\\\/image\\\/\"},\"sameAs\":[\"https:\\\/\\\/www.linkedin.com\\\/company\\\/collabeez\\\/\"]},{\"@type\":\"Person\",\"@id\":\"https:\\\/\\\/collabeez.com\\\/#\\\/schema\\\/person\\\/6d11460b0c047b789319c3c157421443\",\"name\":\"Collabeeadmin\",\"image\":{\"@type\":\"ImageObject\",\"inLanguage\":\"en-US\",\"@id\":\"https:\\\/\\\/secure.gravatar.com\\\/avatar\\\/b49cb08454e07d1a01f33dd9b8c711100b5a7b54556ab7099238542ba47308ef?s=96&d=mm&r=g\",\"url\":\"https:\\\/\\\/secure.gravatar.com\\\/avatar\\\/b49cb08454e07d1a01f33dd9b8c711100b5a7b54556ab7099238542ba47308ef?s=96&d=mm&r=g\",\"contentUrl\":\"https:\\\/\\\/secure.gravatar.com\\\/avatar\\\/b49cb08454e07d1a01f33dd9b8c711100b5a7b54556ab7099238542ba47308ef?s=96&d=mm&r=g\",\"caption\":\"Collabeeadmin\"},\"sameAs\":[\"https:\\\/\\\/collabeez.com\"],\"url\":\"https:\\\/\\\/collabeez.com\\\/en\\\/author\\\/collabeeadmin\\\/\"}]}<\/script>\n<!-- \/ Yoast SEO plugin. -->","yoast_head_json":{"title":"Datenschutzerkl\u00e4rung - Collabeez","description":"In unserer Datenschutzerkl\u00e4rung finden Sie alle wichtigen Informationen zum Schutz Ihrer pers\u00f6nlichen Rechte auf der Collabeez.com Webseite.","robots":{"index":"index","follow":"follow","max-snippet":"max-snippet:-1","max-image-preview":"max-image-preview:large","max-video-preview":"max-video-preview:-1"},"canonical":"https:\/\/collabeez.com\/en\/datenschutzerklaerung\/","og_locale":"en_US","og_type":"article","og_title":"Datenschutzerkl\u00e4rung - Collabeez","og_description":"In unserer Datenschutzerkl\u00e4rung finden Sie alle wichtigen Informationen zum Schutz Ihrer pers\u00f6nlichen Rechte auf der Collabeez.com Webseite.","og_url":"https:\/\/collabeez.com\/en\/datenschutzerklaerung\/","og_site_name":"Collabeez","article_modified_time":"2025-11-17T19:21:39+00:00","twitter_card":"summary_large_image","twitter_misc":{"Est. reading time":"22 minutes"},"schema":{"@context":"https:\/\/schema.org","@graph":[{"@type":"TechArticle","@id":"https:\/\/collabeez.com\/datenschutzerklaerung\/#article","isPartOf":{"@id":"https:\/\/collabeez.com\/datenschutzerklaerung\/"},"author":{"name":"Collabeeadmin","@id":"https:\/\/collabeez.com\/#\/schema\/person\/6d11460b0c047b789319c3c157421443"},"headline":"Datenschutzerkl\u00e4rung","datePublished":"2022-08-15T16:44:37+00:00","dateModified":"2025-11-17T19:21:39+00:00","mainEntityOfPage":{"@id":"https:\/\/collabeez.com\/datenschutzerklaerung\/"},"wordCount":3925,"publisher":{"@id":"https:\/\/collabeez.com\/#organization"},"inLanguage":"en-US"},{"@type":"WebPage","@id":"https:\/\/collabeez.com\/datenschutzerklaerung\/","url":"https:\/\/collabeez.com\/datenschutzerklaerung\/","name":"Datenschutzerkl\u00e4rung - Collabeez","isPartOf":{"@id":"https:\/\/collabeez.com\/#website"},"datePublished":"2022-08-15T16:44:37+00:00","dateModified":"2025-11-17T19:21:39+00:00","description":"In unserer Datenschutzerkl\u00e4rung finden Sie alle wichtigen Informationen zum Schutz Ihrer pers\u00f6nlichen Rechte auf der Collabeez.com Webseite.","breadcrumb":{"@id":"https:\/\/collabeez.com\/datenschutzerklaerung\/#breadcrumb"},"inLanguage":"en-US","potentialAction":[{"@type":"ReadAction","target":["https:\/\/collabeez.com\/datenschutzerklaerung\/"]}]},{"@type":"BreadcrumbList","@id":"https:\/\/collabeez.com\/datenschutzerklaerung\/#breadcrumb","itemListElement":[{"@type":"ListItem","position":1,"name":"Startseite","item":"https:\/\/collabeez.com\/"},{"@type":"ListItem","position":2,"name":"Datenschutzerkl\u00e4rung"}]},{"@type":"WebSite","@id":"https:\/\/collabeez.com\/#website","url":"https:\/\/collabeez.com\/","name":"Collabeez.com","description":"changing tomorrow today","publisher":{"@id":"https:\/\/collabeez.com\/#organization"},"potentialAction":[{"@type":"SearchAction","target":{"@type":"EntryPoint","urlTemplate":"https:\/\/collabeez.com\/?s={search_term_string}"},"query-input":{"@type":"PropertyValueSpecification","valueRequired":true,"valueName":"search_term_string"}}],"inLanguage":"en-US"},{"@type":"Organization","@id":"https:\/\/collabeez.com\/#organization","name":"Collabeez.com","url":"https:\/\/collabeez.com\/","logo":{"@type":"ImageObject","inLanguage":"en-US","@id":"https:\/\/collabeez.com\/#\/schema\/logo\/image\/","url":"https:\/\/collabeez.com\/wp-content\/uploads\/2023\/06\/Collabeez_Logo_Claim_schwarz.png","contentUrl":"https:\/\/collabeez.com\/wp-content\/uploads\/2023\/06\/Collabeez_Logo_Claim_schwarz.png","width":2615,"height":711,"caption":"Collabeez.com"},"image":{"@id":"https:\/\/collabeez.com\/#\/schema\/logo\/image\/"},"sameAs":["https:\/\/www.linkedin.com\/company\/collabeez\/"]},{"@type":"Person","@id":"https:\/\/collabeez.com\/#\/schema\/person\/6d11460b0c047b789319c3c157421443","name":"Collabeeadmin","image":{"@type":"ImageObject","inLanguage":"en-US","@id":"https:\/\/secure.gravatar.com\/avatar\/b49cb08454e07d1a01f33dd9b8c711100b5a7b54556ab7099238542ba47308ef?s=96&d=mm&r=g","url":"https:\/\/secure.gravatar.com\/avatar\/b49cb08454e07d1a01f33dd9b8c711100b5a7b54556ab7099238542ba47308ef?s=96&d=mm&r=g","contentUrl":"https:\/\/secure.gravatar.com\/avatar\/b49cb08454e07d1a01f33dd9b8c711100b5a7b54556ab7099238542ba47308ef?s=96&d=mm&r=g","caption":"Collabeeadmin"},"sameAs":["https:\/\/collabeez.com"],"url":"https:\/\/collabeez.com\/en\/author\/collabeeadmin\/"}]}},"_links":{"self":[{"href":"https:\/\/collabeez.com\/en\/wp-json\/wp\/v2\/pages\/3","targetHints":{"allow":["GET"]}}],"collection":[{"href":"https:\/\/collabeez.com\/en\/wp-json\/wp\/v2\/pages"}],"about":[{"href":"https:\/\/collabeez.com\/en\/wp-json\/wp\/v2\/types\/page"}],"author":[{"embeddable":true,"href":"https:\/\/collabeez.com\/en\/wp-json\/wp\/v2\/users\/1"}],"replies":[{"embeddable":true,"href":"https:\/\/collabeez.com\/en\/wp-json\/wp\/v2\/comments?post=3"}],"version-history":[{"count":6,"href":"https:\/\/collabeez.com\/en\/wp-json\/wp\/v2\/pages\/3\/revisions"}],"predecessor-version":[{"id":7204,"href":"https:\/\/collabeez.com\/en\/wp-json\/wp\/v2\/pages\/3\/revisions\/7204"}],"wp:attachment":[{"href":"https:\/\/collabeez.com\/en\/wp-json\/wp\/v2\/media?parent=3"}],"curies":[{"name":"wp","href":"https:\/\/api.w.org\/{rel}","templated":true}]}}